{"id":1307,"date":"2023-05-15T08:47:24","date_gmt":"2023-05-15T08:47:24","guid":{"rendered":"https:\/\/formacioelgremigirona.cat\/home\/"},"modified":"2025-03-24T09:27:37","modified_gmt":"2025-03-24T09:27:37","slug":"home","status":"publish","type":"page","link":"https:\/\/formacioelgremigirona.cat\/es\/","title":{"rendered":"Inicio"},"content":{"rendered":"\n\n\t<h2>Formaci\u00f3n continua,<\/h2>\n\t<p>m\u00e1s de 20 a\u00f1os formando instaladores<\/p>\n\t<h2>Pr\u00f3ximos cursos<\/h2>\n\t    <div class=\"cursos-container\" style=\"\">\n        <p>No se han encontrado eventos.<\/p>    <\/div>\n\t<style>\n\t\n\t<\/style>\n    \n\t\t\t<a href=\"https:\/\/formacioelgremigirona.cat\/es\/oferta-formativa\/\" target=\"_self\">\n\t\t\t\t\t\t\tENCUENTRA TU CURSO\n\t\t\t\t\t<\/a>\n\t<h2>Quiero recibir informaci\u00f3n de los cursos<\/h2>\n\t<p><strong>D\u00e9janos tu mail si est\u00e1s interesado a recibir informaci\u00f3n sobre nuestros cursos.<\/strong><\/p>\n\t\n<div class=\"wpcf7 no-js\" id=\"wpcf7-f1313-o1\" lang=\"es-ES\" dir=\"ltr\" data-wpcf7-id=\"1313\">\n<div class=\"screen-reader-response\"><p role=\"status\" aria-live=\"polite\" aria-atomic=\"true\"><\/p> <ul><\/ul><\/div>\n<form action=\"\/es\/wp-json\/wp\/v2\/pages\/1307#wpcf7-f1313-o1\" method=\"post\" class=\"wpcf7-form init\" aria-label=\"Contact form\" novalidate=\"novalidate\" data-status=\"init\">\n<div style=\"display: none;\">\n<input type=\"hidden\" name=\"_wpcf7\" value=\"1313\" \/>\n<input type=\"hidden\" name=\"_wpcf7_version\" value=\"6.0.6\" \/>\n<input type=\"hidden\" name=\"_wpcf7_locale\" value=\"es_ES\" \/>\n<input type=\"hidden\" name=\"_wpcf7_unit_tag\" value=\"wpcf7-f1313-o1\" \/>\n<input type=\"hidden\" name=\"_wpcf7_container_post\" value=\"0\" \/>\n<input type=\"hidden\" name=\"_wpcf7_posted_data_hash\" value=\"\" \/>\n<\/div>\n<div style=\"display:flex; justify-content:center; margin-left: 4.5vw;\">\n\t<p><span class=\"wpcf7-form-control-wrap\" data-name=\"your-email\"><input size=\"40\" maxlength=\"400\" class=\"wpcf7-form-control wpcf7-email wpcf7-validates-as-required wpcf7-text wpcf7-validates-as-email correu-casella\" autocomplete=\"email\" aria-required=\"true\" aria-invalid=\"false\" placeholder=\"Introducid vuestra direcci\u00f3n de correo electr\u00f3nico\" value=\"\" type=\"email\" name=\"your-email\" \/><\/span>\n\t<\/p>\n\t<p><input class=\"wpcf7-form-control wpcf7-submit has-spinner submit-correu\" type=\"submit\" value=\"Send\" \/>\n\t<\/p>\n<\/div>\n<div class=\"casella-acceptacio\" style=\"text-align:center; margin-left: 4.5vw;\">\n\t<p><span class=\"wpcf7-form-control-wrap\" data-name=\"acceptance-182\"><span class=\"wpcf7-form-control wpcf7-acceptance\"><span class=\"wpcf7-list-item\"><label><input type=\"checkbox\" name=\"acceptance-182\" value=\"1\" aria-invalid=\"false\" \/><span class=\"wpcf7-list-item-label\">Acepto las condiciones<\/span><\/label><\/span><\/span><\/span>\n\t<\/p>\n<\/div><p style=\"display: none !important;\" class=\"akismet-fields-container\" data-prefix=\"_wpcf7_ak_\"><label>&#916;<textarea name=\"_wpcf7_ak_hp_textarea\" cols=\"45\" rows=\"8\" maxlength=\"100\"><\/textarea><\/label><input type=\"hidden\" id=\"ak_js_1\" name=\"_wpcf7_ak_js\" value=\"99\"\/><script>document.getElementById( \"ak_js_1\" ).setAttribute( \"value\", ( new Date() ).getTime() );<\/script><\/p><div class=\"wpcf7-response-output\" aria-hidden=\"true\"><\/div>\n<\/form>\n<\/div>\n\n\t<h2>\u00c1reas de conocimiento<\/h2>\n\t\t\t\t<img decoding=\"async\" src=\"http:\/\/formacioelgremigirona.cat\/wp-content\/uploads\/2025\/02\/Icona_RITE.png\" alt=\"Icona_RITE\" itemprop=\"image\" title=\"Icona_RITE\" onerror=\"this.style.display='none'\"  \/>\n\t<h3><strong>RITE<\/strong><\/h3>\n\tReglamento de instalaciones<br \/>\nt\u00e9rmicas en los edificios\n\t\t\t\t<img decoding=\"async\" src=\"http:\/\/formacioelgremigirona.cat\/wp-content\/uploads\/2025\/02\/Icona_BT.png\" alt=\"Icona_BT\" itemprop=\"image\" title=\"Icona_BT\" onerror=\"this.style.display='none'\"  \/>\n\t<h3><strong>BT<\/strong><\/h3>\n\t<p>Baja tensi\u00f3n<\/p>\n\t\t\t\t<img decoding=\"async\" src=\"http:\/\/formacioelgremigirona.cat\/wp-content\/uploads\/2025\/02\/Icona_RSIF.png\" alt=\"Icona_RSIF\" itemprop=\"image\" title=\"Icona_RSIF\" onerror=\"this.style.display='none'\"  \/>\n\t<h3><strong>RSIF<\/strong><\/h3>\n\tReglamento seguridad instalaciones<br \/>\nfrigor\u00edficas\n\t\t\t\t<img decoding=\"async\" src=\"http:\/\/formacioelgremigirona.cat\/wp-content\/uploads\/2025\/02\/Icona_RIG.png\" alt=\"Icona_RIG\" itemprop=\"image\" title=\"Icona_RIG\" onerror=\"this.style.display='none'\"  \/>\n\t<h3><strong>RIG<\/strong><\/h3>\n\t<p>Reglamento instalaciones de gas<\/p>\n\t\t\t\t<img decoding=\"async\" src=\"http:\/\/formacioelgremigirona.cat\/wp-content\/uploads\/2025\/02\/Icona_PRL.png\" alt=\"Icona_PRL\" itemprop=\"image\" title=\"Icona_PRL\" onerror=\"this.style.display='none'\"  \/>\n\t<h3><strong>PRL<\/strong><\/h3>\n\t<p>Reglamento instalaciones de gas<\/p>\n\t\t\t\t<img decoding=\"async\" src=\"http:\/\/formacioelgremigirona.cat\/wp-content\/uploads\/2025\/02\/Icona_tramits.png\" alt=\"Icona_tramits\" itemprop=\"image\" title=\"Icona_tramits\" onerror=\"this.style.display='none'\"  \/>\n\t<h3><strong>Tr\u00e1mites<\/strong><\/h3>\n\t\t\t\t<img decoding=\"async\" src=\"http:\/\/formacioelgremigirona.cat\/wp-content\/uploads\/2025\/02\/Logotip_El_Gremi_blanc-1.png\" alt=\"Logotip_El_Gremi_blanc\" itemprop=\"image\" title=\"Logotip_El_Gremi_blanc\" onerror=\"this.style.display='none'\"  \/>\n\tDispone de una ampl\u00eda oferta de formaci\u00f3n en las<br \/>\nactividades profesionales de las instalaciones\n\n","protected":false},"excerpt":{"rendered":"<div class=\"entry-summary\">\n<div class=\"entry-summary\">\nFormaci\u00f3n continua, m\u00e1s de 20 a\u00f1os formando instaladores Pr\u00f3ximos cursos ENCUENTRA TU CURSO Quiero recibir informaci\u00f3n de los cursos D\u00e9janos tu mail si est\u00e1s interesado a recibir informaci\u00f3n sobre nuestros cursos. \u00c1reas de conocimiento RITE Reglamento de instalaciones t\u00e9rmicas en&hellip;\n<\/div>\n<div class=\"link-more\"><a href=\"https:\/\/formacioelgremigirona.cat\/es\/\" class=\"more-link\">Continue reading<span class=\"screen-reader-text\"> &ldquo;Inicio&rdquo;<\/span>&hellip;<\/a><\/div>\n<\/div>\n<div class=\"link-more\"><a href=\"https:\/\/formacioelgremigirona.cat\/es\/\" class=\"more-link\">Continue reading<span class=\"screen-reader-text\"> &ldquo;Inicio&rdquo;<\/span>&hellip;<\/a><\/div>\n","protected":false},"author":1,"featured_media":0,"parent":0,"menu_order":0,"comment_status":"closed","ping_status":"closed","template":"templates\/no-intro.php","meta":{"_acf_changed":false,"footnotes":""},"class_list":["post-1307","page","type-page","status-publish","hentry","entry"],"acf":[],"yoast_head":"<!-- This site is optimized with the Yoast SEO plugin v25.1 - https:\/\/yoast.com\/wordpress\/plugins\/seo\/ -->\n<title>Inicio - EL GREMI \/ FORMACI\u00d3<\/title>\n<meta name=\"description\" content=\"Lisardo Ad\u00e1n \u00e9s passi\u00f3 pel detall, per la forma, per crear i unir esfor\u00e7os, per satisfer, passi\u00f3... per l&#039;Arquitectura.\" \/>\n<meta name=\"robots\" content=\"index, follow, max-snippet:-1, max-image-preview:large, max-video-preview:-1\" \/>\n<link rel=\"canonical\" href=\"https:\/\/formacioelgremigirona.cat\/es\/\" \/>\n<meta property=\"og:locale\" content=\"es_ES\" \/>\n<meta property=\"og:type\" content=\"article\" \/>\n<meta property=\"og:title\" content=\"Inicio - EL GREMI \/ FORMACI\u00d3\" \/>\n<meta property=\"og:description\" content=\"Lisardo Ad\u00e1n \u00e9s passi\u00f3 pel detall, per la forma, per crear i unir esfor\u00e7os, per satisfer, passi\u00f3... per l&#039;Arquitectura.\" \/>\n<meta property=\"og:url\" content=\"https:\/\/formacioelgremigirona.cat\/es\/\" \/>\n<meta property=\"og:site_name\" content=\"EL GREMI \/ FORMACI\u00d3\" \/>\n<meta property=\"article:modified_time\" content=\"2025-03-24T09:27:37+00:00\" \/>\n<meta property=\"og:image\" content=\"http:\/\/formacioelgremigirona.cat\/wp-content\/uploads\/2025\/02\/Icona_RITE.png\" \/>\n<meta name=\"twitter:card\" content=\"summary_large_image\" \/>\n<meta name=\"twitter:label1\" content=\"Tiempo de lectura\" \/>\n\t<meta name=\"twitter:data1\" content=\"2 minutos\" \/>\n<script type=\"application\/ld+json\" class=\"yoast-schema-graph\">{\"@context\":\"https:\/\/schema.org\",\"@graph\":[{\"@type\":\"WebPage\",\"@id\":\"https:\/\/formacioelgremigirona.cat\/es\/\",\"url\":\"https:\/\/formacioelgremigirona.cat\/es\/\",\"name\":\"Inicio - EL GREMI \/ FORMACI\u00d3\",\"isPartOf\":{\"@id\":\"https:\/\/formacioelgremigirona.cat\/es\/#website\"},\"primaryImageOfPage\":{\"@id\":\"https:\/\/formacioelgremigirona.cat\/es\/#primaryimage\"},\"image\":{\"@id\":\"https:\/\/formacioelgremigirona.cat\/es\/#primaryimage\"},\"thumbnailUrl\":\"http:\/\/formacioelgremigirona.cat\/wp-content\/uploads\/2025\/02\/Icona_RITE.png\",\"datePublished\":\"2023-05-15T08:47:24+00:00\",\"dateModified\":\"2025-03-24T09:27:37+00:00\",\"description\":\"Lisardo Ad\u00e1n \u00e9s passi\u00f3 pel detall, per la forma, per crear i unir esfor\u00e7os, per satisfer, passi\u00f3... per l'Arquitectura.\",\"breadcrumb\":{\"@id\":\"https:\/\/formacioelgremigirona.cat\/es\/#breadcrumb\"},\"inLanguage\":\"es\",\"potentialAction\":[{\"@type\":\"ReadAction\",\"target\":[\"https:\/\/formacioelgremigirona.cat\/es\/\"]}]},{\"@type\":\"ImageObject\",\"inLanguage\":\"es\",\"@id\":\"https:\/\/formacioelgremigirona.cat\/es\/#primaryimage\",\"url\":\"http:\/\/formacioelgremigirona.cat\/wp-content\/uploads\/2025\/02\/Icona_RITE.png\",\"contentUrl\":\"http:\/\/formacioelgremigirona.cat\/wp-content\/uploads\/2025\/02\/Icona_RITE.png\"},{\"@type\":\"BreadcrumbList\",\"@id\":\"https:\/\/formacioelgremigirona.cat\/es\/#breadcrumb\",\"itemListElement\":[{\"@type\":\"ListItem\",\"position\":1,\"name\":\"Home\",\"item\":\"https:\/\/formacioelgremigirona.cat\/es\/\"},{\"@type\":\"ListItem\",\"position\":2,\"name\":\"Inicio\"}]},{\"@type\":\"WebSite\",\"@id\":\"https:\/\/formacioelgremigirona.cat\/es\/#website\",\"url\":\"https:\/\/formacioelgremigirona.cat\/es\/\",\"name\":\"EL GREMI \/ FORMACI\u00d3\",\"description\":\"Gremi d&#039;instal\u00b7ladors de Girona\",\"publisher\":{\"@id\":\"https:\/\/formacioelgremigirona.cat\/es\/#organization\"},\"potentialAction\":[{\"@type\":\"SearchAction\",\"target\":{\"@type\":\"EntryPoint\",\"urlTemplate\":\"https:\/\/formacioelgremigirona.cat\/es\/?s={search_term_string}\"},\"query-input\":{\"@type\":\"PropertyValueSpecification\",\"valueRequired\":true,\"valueName\":\"search_term_string\"}}],\"inLanguage\":\"es\"},{\"@type\":\"Organization\",\"@id\":\"https:\/\/formacioelgremigirona.cat\/es\/#organization\",\"name\":\"EL GREMI \/ FORMACI\u00d3\",\"url\":\"https:\/\/formacioelgremigirona.cat\/es\/\",\"logo\":{\"@type\":\"ImageObject\",\"inLanguage\":\"es\",\"@id\":\"https:\/\/formacioelgremigirona.cat\/es\/#\/schema\/logo\/image\/\",\"url\":\"https:\/\/formacioelgremigirona.cat\/wp-content\/uploads\/2025\/03\/cropped-cropped-Logotip_El_Gremi-copia-1.png\",\"contentUrl\":\"https:\/\/formacioelgremigirona.cat\/wp-content\/uploads\/2025\/03\/cropped-cropped-Logotip_El_Gremi-copia-1.png\",\"width\":614,\"height\":70,\"caption\":\"EL GREMI \/ FORMACI\u00d3\"},\"image\":{\"@id\":\"https:\/\/formacioelgremigirona.cat\/es\/#\/schema\/logo\/image\/\"}}]}<\/script>\n<!-- \/ Yoast SEO plugin. -->","yoast_head_json":{"title":"Inicio - EL GREMI \/ FORMACI\u00d3","description":"Lisardo Ad\u00e1n \u00e9s passi\u00f3 pel detall, per la forma, per crear i unir esfor\u00e7os, per satisfer, passi\u00f3... per l'Arquitectura.","robots":{"index":"index","follow":"follow","max-snippet":"max-snippet:-1","max-image-preview":"max-image-preview:large","max-video-preview":"max-video-preview:-1"},"canonical":"https:\/\/formacioelgremigirona.cat\/es\/","og_locale":"es_ES","og_type":"article","og_title":"Inicio - EL GREMI \/ FORMACI\u00d3","og_description":"Lisardo Ad\u00e1n \u00e9s passi\u00f3 pel detall, per la forma, per crear i unir esfor\u00e7os, per satisfer, passi\u00f3... per l'Arquitectura.","og_url":"https:\/\/formacioelgremigirona.cat\/es\/","og_site_name":"EL GREMI \/ FORMACI\u00d3","article_modified_time":"2025-03-24T09:27:37+00:00","og_image":[{"url":"http:\/\/formacioelgremigirona.cat\/wp-content\/uploads\/2025\/02\/Icona_RITE.png","type":"","width":"","height":""}],"twitter_card":"summary_large_image","twitter_misc":{"Tiempo de lectura":"2 minutos"},"schema":{"@context":"https:\/\/schema.org","@graph":[{"@type":"WebPage","@id":"https:\/\/formacioelgremigirona.cat\/es\/","url":"https:\/\/formacioelgremigirona.cat\/es\/","name":"Inicio - EL GREMI \/ FORMACI\u00d3","isPartOf":{"@id":"https:\/\/formacioelgremigirona.cat\/es\/#website"},"primaryImageOfPage":{"@id":"https:\/\/formacioelgremigirona.cat\/es\/#primaryimage"},"image":{"@id":"https:\/\/formacioelgremigirona.cat\/es\/#primaryimage"},"thumbnailUrl":"http:\/\/formacioelgremigirona.cat\/wp-content\/uploads\/2025\/02\/Icona_RITE.png","datePublished":"2023-05-15T08:47:24+00:00","dateModified":"2025-03-24T09:27:37+00:00","description":"Lisardo Ad\u00e1n \u00e9s passi\u00f3 pel detall, per la forma, per crear i unir esfor\u00e7os, per satisfer, passi\u00f3... per l'Arquitectura.","breadcrumb":{"@id":"https:\/\/formacioelgremigirona.cat\/es\/#breadcrumb"},"inLanguage":"es","potentialAction":[{"@type":"ReadAction","target":["https:\/\/formacioelgremigirona.cat\/es\/"]}]},{"@type":"ImageObject","inLanguage":"es","@id":"https:\/\/formacioelgremigirona.cat\/es\/#primaryimage","url":"http:\/\/formacioelgremigirona.cat\/wp-content\/uploads\/2025\/02\/Icona_RITE.png","contentUrl":"http:\/\/formacioelgremigirona.cat\/wp-content\/uploads\/2025\/02\/Icona_RITE.png"},{"@type":"BreadcrumbList","@id":"https:\/\/formacioelgremigirona.cat\/es\/#breadcrumb","itemListElement":[{"@type":"ListItem","position":1,"name":"Home","item":"https:\/\/formacioelgremigirona.cat\/es\/"},{"@type":"ListItem","position":2,"name":"Inicio"}]},{"@type":"WebSite","@id":"https:\/\/formacioelgremigirona.cat\/es\/#website","url":"https:\/\/formacioelgremigirona.cat\/es\/","name":"EL GREMI \/ FORMACI\u00d3","description":"Gremi d&#039;instal\u00b7ladors de Girona","publisher":{"@id":"https:\/\/formacioelgremigirona.cat\/es\/#organization"},"potentialAction":[{"@type":"SearchAction","target":{"@type":"EntryPoint","urlTemplate":"https:\/\/formacioelgremigirona.cat\/es\/?s={search_term_string}"},"query-input":{"@type":"PropertyValueSpecification","valueRequired":true,"valueName":"search_term_string"}}],"inLanguage":"es"},{"@type":"Organization","@id":"https:\/\/formacioelgremigirona.cat\/es\/#organization","name":"EL GREMI \/ FORMACI\u00d3","url":"https:\/\/formacioelgremigirona.cat\/es\/","logo":{"@type":"ImageObject","inLanguage":"es","@id":"https:\/\/formacioelgremigirona.cat\/es\/#\/schema\/logo\/image\/","url":"https:\/\/formacioelgremigirona.cat\/wp-content\/uploads\/2025\/03\/cropped-cropped-Logotip_El_Gremi-copia-1.png","contentUrl":"https:\/\/formacioelgremigirona.cat\/wp-content\/uploads\/2025\/03\/cropped-cropped-Logotip_El_Gremi-copia-1.png","width":614,"height":70,"caption":"EL GREMI \/ FORMACI\u00d3"},"image":{"@id":"https:\/\/formacioelgremigirona.cat\/es\/#\/schema\/logo\/image\/"}}]}},"_links":{"self":[{"href":"https:\/\/formacioelgremigirona.cat\/es\/wp-json\/wp\/v2\/pages\/1307","targetHints":{"allow":["GET"]}}],"collection":[{"href":"https:\/\/formacioelgremigirona.cat\/es\/wp-json\/wp\/v2\/pages"}],"about":[{"href":"https:\/\/formacioelgremigirona.cat\/es\/wp-json\/wp\/v2\/types\/page"}],"author":[{"embeddable":true,"href":"https:\/\/formacioelgremigirona.cat\/es\/wp-json\/wp\/v2\/users\/1"}],"replies":[{"embeddable":true,"href":"https:\/\/formacioelgremigirona.cat\/es\/wp-json\/wp\/v2\/comments?post=1307"}],"version-history":[{"count":5,"href":"https:\/\/formacioelgremigirona.cat\/es\/wp-json\/wp\/v2\/pages\/1307\/revisions"}],"predecessor-version":[{"id":1457,"href":"https:\/\/formacioelgremigirona.cat\/es\/wp-json\/wp\/v2\/pages\/1307\/revisions\/1457"}],"wp:attachment":[{"href":"https:\/\/formacioelgremigirona.cat\/es\/wp-json\/wp\/v2\/media?parent=1307"}],"curies":[{"name":"wp","href":"https:\/\/api.w.org\/{rel}","templated":true}]}}